{"id":844,"date":"2019-12-17T10:20:30","date_gmt":"2019-12-17T09:20:30","guid":{"rendered":"http:\/\/philosopical-falcon.w5.wpsandbox.pro\/?page_id=6"},"modified":"2026-04-14T12:12:17","modified_gmt":"2026-04-14T10:12:17","slug":"home","status":"publish","type":"page","link":"https:\/\/muzeumewolucji.pl\/","title":{"rendered":"Pierwsza strona"},"content":{"rendered":"\t\t<div data-elementor-type=\"wp-page\" data-elementor-id=\"844\" class=\"elementor elementor-844\">\n\t\t\t\t\t\t\t\t\t<section class=\"elementor-section elementor-top-section elementor-element elementor-element-c9d66b2 elementor-section-boxed elementor-section-height-default elementor-section-height-default\" data-id=\"c9d66b2\" data-element_type=\"section\">\n\t\t\t\t\t\t<div class=\"elementor-container elementor-column-gap-default\">\n\t\t\t\t\t<div class=\"elementor-column elementor-col-50 elementor-top-column elementor-element elementor-element-3b82e41\" data-id=\"3b82e41\" data-element_type=\"column\">\n\t\t\t<div class=\"elementor-widget-wrap elementor-element-populated\">\n\t\t\t\t\t\t\t\t<div class=\"elementor-element elementor-element-4afe4e5 elementor-widget__width-initial elementor-widget elementor-widget-text-editor\" data-id=\"4afe4e5\" data-element_type=\"widget\" data-widget_type=\"text-editor.default\">\n\t\t\t\t<div class=\"elementor-widget-container\">\n\t\t\t\t\t\t\t<h5><strong>Zapraszamy do Muzeum Ewolucji!<\/strong><\/h5><p><strong>W dniach 1.5. oraz 3.05. muzeum b\u0119dzie nieczynne, zapraszamy w sobot\u0119 2.05.<\/strong><\/p><p>.<\/p><p>Lekcje muzealne i warsztaty &#8211; <a href=\"https:\/\/muzeumewolucji.pl\/?page_id=1329\">wi\u0119cej informacji<\/a><\/p><p>Wa\u017cne: ostatnich zwiedzaj\u0105cych zapraszamy najp\u00f3\u017aniej 30 minut przed zamkni\u0119ciem muzeum.<\/p>\t\t\t\t\t\t<\/div>\n\t\t\t\t<\/div>\n\t\t\t\t\t<\/div>\n\t\t<\/div>\n\t\t\t\t<div class=\"elementor-column elementor-col-50 elementor-top-column elementor-element elementor-element-c4fd7a7\" data-id=\"c4fd7a7\" data-element_type=\"column\">\n\t\t\t<div class=\"elementor-widget-wrap elementor-element-populated\">\n\t\t\t\t\t\t\t\t<div class=\"elementor-element elementor-element-adf480b elementor-widget__width-initial elementor-widget elementor-widget-text-editor\" data-id=\"adf480b\" data-element_type=\"widget\" data-widget_type=\"text-editor.default\">\n\t\t\t\t<div class=\"elementor-widget-container\">\n\t\t\t\t\t\t\t\t\t\t\t\t\t<\/div>\n\t\t\t\t<\/div>\n\t\t\t\t\t<\/div>\n\t\t<\/div>\n\t\t\t\t\t\t\t<\/div>\n\t\t<\/section>\n\t\t\t\t<section class=\"elementor-section elementor-top-section elementor-element elementor-element-bb5b114 elementor-section-boxed elementor-section-height-default elementor-section-height-default\" data-id=\"bb5b114\" data-element_type=\"section\">\n\t\t\t\t\t\t<div class=\"elementor-container elementor-column-gap-default\">\n\t\t\t\t\t<div class=\"elementor-column elementor-col-100 elementor-top-column elementor-element elementor-element-82b770e\" data-id=\"82b770e\" data-element_type=\"column\">\n\t\t\t<div class=\"elementor-widget-wrap elementor-element-populated\">\n\t\t\t\t\t\t\t\t<section class=\"elementor-section elementor-inner-section elementor-element elementor-element-29b5171 elementor-section-boxed elementor-section-height-default elementor-section-height-default\" data-id=\"29b5171\" data-element_type=\"section\">\n\t\t\t\t\t\t<div class=\"elementor-container elementor-column-gap-default\">\n\t\t\t\t\t<div class=\"elementor-column elementor-col-50 elementor-inner-column elementor-element elementor-element-38e2556\" data-id=\"38e2556\" data-element_type=\"column\">\n\t\t\t<div class=\"elementor-widget-wrap elementor-element-populated\">\n\t\t\t\t\t\t\t\t<div class=\"elementor-element elementor-element-a9452f9 elementor-widget elementor-widget-text-editor\" data-id=\"a9452f9\" data-element_type=\"widget\" data-widget_type=\"text-editor.default\">\n\t\t\t\t<div class=\"elementor-widget-container\">\n\t\t\t\t\t\t\t<p><img fetchpriority=\"high\" decoding=\"async\" data-recalc-dims=\"1\" class=\"aligncenter wp-image-5807 size-full\" src=\"https:\/\/i0.wp.com\/muzeumewolucji.pl\/wp-content\/uploads\/2023\/06\/ME-sala_morska.jpg?resize=800%2C533&#038;ssl=1\" alt=\"Zdj\u0119cie pokazuj\u0105ce sal\u0119 morsk\u0105 w Muzeum Ewolucji, na dole pod\u015bwietlone, ciemnobr\u0105zowe gabloty, wy\u017cej dwa du\u017ce niebieskie globusy, na \u015bcianie drzewo rodowe trylobit\u00f3w. Widoczne filary z \u0142ukowatymi \u0142\u0105czeniami. Wlewym g\u00f3rnym robu fragment rekonstrukcji ichtiozaura widziany od spodu.\" width=\"800\" height=\"533\" srcset=\"https:\/\/i0.wp.com\/muzeumewolucji.pl\/wp-content\/uploads\/2023\/06\/ME-sala_morska.jpg?w=1200&amp;ssl=1 1200w, https:\/\/i0.wp.com\/muzeumewolucji.pl\/wp-content\/uploads\/2023\/06\/ME-sala_morska.jpg?resize=300%2C200&amp;ssl=1 300w, https:\/\/i0.wp.com\/muzeumewolucji.pl\/wp-content\/uploads\/2023\/06\/ME-sala_morska.jpg?resize=1024%2C683&amp;ssl=1 1024w, https:\/\/i0.wp.com\/muzeumewolucji.pl\/wp-content\/uploads\/2023\/06\/ME-sala_morska.jpg?resize=768%2C512&amp;ssl=1 768w, https:\/\/i0.wp.com\/muzeumewolucji.pl\/wp-content\/uploads\/2023\/06\/ME-sala_morska.jpg?resize=600%2C400&amp;ssl=1 600w\" sizes=\"(max-width: 800px) 100vw, 800px\" \/><\/p><p style=\"text-align: right; font-size: small; line-height: 0.2;\"><em>Fot. U. Sumi\u0144ska<\/em><\/p><p>Zapraszamy do odwiedzenia sali &#8222;morskiej&#8221;, gdzie prezentujemy skamienia\u0142o\u015bci organizm\u00f3w morskich z terenu Polski. S\u0105 tam kopalne bezkr\u0119gowce: amonity, \u015blimaki, ma\u0142\u017ce, ramienionogi i trylobity, g\u0105bki, koralowce oraz je\u017cowce. Mo\u017cna te\u017c zobaczy\u0107 pi\u0119knie zachowane szkielety ryb z fliszu karpackiego oraz unikat &#8211; ptasie pi\u00f3ro.<\/p>\t\t\t\t\t\t<\/div>\n\t\t\t\t<\/div>\n\t\t\t\t\t<\/div>\n\t\t<\/div>\n\t\t\t\t<div class=\"elementor-column elementor-col-50 elementor-inner-column elementor-element elementor-element-9cf43da\" data-id=\"9cf43da\" data-element_type=\"column\">\n\t\t\t<div class=\"elementor-widget-wrap elementor-element-populated\">\n\t\t\t\t\t\t\t\t<div class=\"elementor-element elementor-element-9add0bc elementor-position-top elementor-widget elementor-widget-image-box\" data-id=\"9add0bc\" data-element_type=\"widget\" data-widget_type=\"image-box.default\">\n\t\t\t\t<div class=\"elementor-widget-container\">\n\t\t\t<div class=\"elementor-image-box-wrapper\"><figure class=\"elementor-image-box-img\"><a href=\"http:\/\/muzeumewolucji.pl\/?page_id=1412\" tabindex=\"-1\"><img decoding=\"async\" src=\"https:\/\/i0.wp.com\/muzeumewolucji.pl\/wp-content\/uploads\/2024\/03\/znaleziska-2.jpg?fit=665%2C526&amp;ssl=1\" title=\"znaleziska-2\" alt=\"znaleziska-2\" loading=\"lazy\" \/><\/a><\/figure><div class=\"elementor-image-box-content\"><h3 class=\"elementor-image-box-title\"><a href=\"http:\/\/muzeumewolucji.pl\/?page_id=1412\">TWOJE ZNALEZISKO<\/a><\/h3><p class=\"elementor-image-box-description\">Je\u015bli znalaz\u0142e\u015b ciekawy okaz i  uwa\u017casz, \u017ce dokona\u0142e\u015b wa\u017cnego odkrycia \u2013 napisz do nas!<\/p><\/div><\/div>\t\t<\/div>\n\t\t\t\t<\/div>\n\t\t\t\t\t<\/div>\n\t\t<\/div>\n\t\t\t\t\t\t\t<\/div>\n\t\t<\/section>\n\t\t\t\t\t<\/div>\n\t\t<\/div>\n\t\t\t\t\t\t\t<\/div>\n\t\t<\/section>\n\t\t\t\t<section class=\"elementor-section elementor-top-section elementor-element elementor-element-d3b3ea5 elementor-section-boxed elementor-section-height-default elementor-section-height-default\" data-id=\"d3b3ea5\" data-element_type=\"section\">\n\t\t\t\t\t\t<div class=\"elementor-container elementor-column-gap-default\">\n\t\t\t\t\t<div class=\"elementor-column elementor-col-100 elementor-top-column elementor-element elementor-element-432493e\" data-id=\"432493e\" data-element_type=\"column\">\n\t\t\t<div class=\"elementor-widget-wrap elementor-element-populated\">\n\t\t\t\t\t\t\t\t<div class=\"elementor-element elementor-element-2244a81 elementor-widget-divider--view-line elementor-widget elementor-widget-divider\" data-id=\"2244a81\" data-element_type=\"widget\" data-widget_type=\"divider.default\">\n\t\t\t\t<div class=\"elementor-widget-container\">\n\t\t\t\t\t<div class=\"elementor-divider\">\n\t\t\t<span class=\"elementor-divider-separator\">\n\t\t\t\t\t\t<\/span>\n\t\t<\/div>\n\t\t\t\t<\/div>\n\t\t\t\t<\/div>\n\t\t\t\t\t<\/div>\n\t\t<\/div>\n\t\t\t\t\t\t\t<\/div>\n\t\t<\/section>\n\t\t\t\t<section class=\"elementor-section elementor-top-section elementor-element elementor-element-9889ed1 elementor-section-boxed elementor-section-height-default elementor-section-height-default\" data-id=\"9889ed1\" data-element_type=\"section\">\n\t\t\t\t\t\t<div class=\"elementor-container elementor-column-gap-default\">\n\t\t\t\t\t<div class=\"elementor-column elementor-col-100 elementor-top-column elementor-element elementor-element-fb39008\" data-id=\"fb39008\" data-element_type=\"column\">\n\t\t\t<div class=\"elementor-widget-wrap elementor-element-populated\">\n\t\t\t\t\t\t\t\t<div class=\"elementor-element elementor-element-11b3ea2 elementor-widget elementor-widget-text-editor\" data-id=\"11b3ea2\" data-element_type=\"widget\" data-widget_type=\"text-editor.default\">\n\t\t\t\t<div class=\"elementor-widget-container\">\n\t\t\t\t\t\t\t<h6 align=\"right\">\u00a0<\/h6><h6 align=\"right\">W roku 2025 odwiedzi\u0142o nasze Muzeum ponad 60 tysi\u0119cy os\u00f3b &#8211; dzi\u0119kujemy!<\/h6>\t\t\t\t\t\t<\/div>\n\t\t\t\t<\/div>\n\t\t\t\t\t<\/div>\n\t\t<\/div>\n\t\t\t\t\t\t\t<\/div>\n\t\t<\/section>\n\t\t\t\t<section class=\"elementor-section elementor-top-section elementor-element elementor-element-638b75c elementor-section-boxed elementor-section-height-default elementor-section-height-default\" data-id=\"638b75c\" data-element_type=\"section\">\n\t\t\t\t\t\t<div class=\"elementor-container elementor-column-gap-default\">\n\t\t\t\t\t<div class=\"elementor-column elementor-col-100 elementor-top-column elementor-element elementor-element-1e89e84\" data-id=\"1e89e84\" data-element_type=\"column\">\n\t\t\t<div class=\"elementor-widget-wrap elementor-element-populated\">\n\t\t\t\t\t\t\t\t<div class=\"elementor-element elementor-element-1388e4f elementor-widget elementor-widget-ColorMag-Posts-Block-4\" data-id=\"1388e4f\" data-element_type=\"widget\" data-widget_type=\"ColorMag-Posts-Block-4.default\">\n\t\t\t\t<div class=\"elementor-widget-container\">\n\t\t\t\r\n\t\t<div class=\"tg-module-block tg-module-block--style-4 tg-module-wrapper\">\r\n\t\t\t\r\n\t\t<div class=\"tg-module-title-wrap\">\r\n\t\t\t<h4 class=\"module-title\">\r\n\t\t\t\t<span>Aktualno\u015bci<\/span>\r\n\t\t\t<\/h4>\r\n\t\t<\/div><!-- tg-module-title-wrap -->\r\n\r\n\t\t\r\n\t\t\t\t<div class=\"tg_module_block tg-row\">\r\n\t\t\t\t\t\t\t\t\t\t\t<figure class=\"tg-module-thumb tg-col-control\">\r\n\t\t\t\t\t\t\t\t\t<a href=\"https:\/\/muzeumewolucji.pl\/?p=8889\" class=\"tg-thumb-link\">\r\n\t\t\t<img decoding=\"async\" width=\"392\" height=\"272\" src=\"https:\/\/i0.wp.com\/muzeumewolucji.pl\/wp-content\/uploads\/2026\/01\/wosp2026.png?resize=392%2C272&amp;ssl=1\" class=\"attachment-colormag-highlighted-post size-colormag-highlighted-post wp-post-image\" alt=\"Zdj\u0119cie czaszki tarbozaura z napisem Muzeum Ewolucji - dotknij prawdziwego dinozaura i z logo 34. fina\u0142u WO\u015aP.\" srcset=\"https:\/\/i0.wp.com\/muzeumewolucji.pl\/wp-content\/uploads\/2026\/01\/wosp2026.png?resize=392%2C272&amp;ssl=1 392w, https:\/\/i0.wp.com\/muzeumewolucji.pl\/wp-content\/uploads\/2026\/01\/wosp2026.png?resize=130%2C90&amp;ssl=1 130w, https:\/\/i0.wp.com\/muzeumewolucji.pl\/wp-content\/uploads\/2026\/01\/wosp2026.png?resize=600%2C417&amp;ssl=1 600w\" sizes=\"(max-width: 392px) 100vw, 392px\" \/>\t\t<\/a>\r\n\t\t\t\t\t\t\t\t<\/figure>\r\n\t\t\t\t\t\r\n\t\t\t\t\t<div class=\"tg-module-info tg-col-control\">\r\n\t\t\t\t\t\t\t\t<h3 class=\"tg-module-title entry-title\">\r\n\t\t\t<a href=\"https:\/\/muzeumewolucji.pl\/?p=8889\">Zn\u00f3w gramy z WO\u015aP!<\/a>\r\n\t\t<\/h3>\r\n\t\t\r\n\t\t<div class=\"tg-module-meta\">\r\n\t\t\t\r\n\t\t\t<span class=\"tg-post-date entry-date\">\r\n\t\t\t\t<a href=\"https:\/\/muzeumewolucji.pl\/?p=8889\" rel=\"bookmark\"><time class=\"entry-date published\" datetime=\"2026-01-12T12:17:47+01:00\">12\/01\/2026<\/time><time class=\"updated\" datetime=\"2026-01-22T12:59:14+01:00\">22\/01\/2026<\/time><\/a>\t\t\t<\/span>\r\n\r\n\t\t\t<span class=\"tg-post-auther-name author vcard\">\r\n\t\t\t\t<a class=\"url fn n\" href=\"https:\/\/muzeumewolucji.pl\/?author=3\">Agnieszka K.<\/a>\t\t\t<\/span>\r\n\r\n\t\t\t\t\t<\/div>\r\n\r\n\t\t\r\n\t\t\t\t\t\t<div class=\"tg-excerpt entry-content\">\r\n\t\t\t\t\t\t\t<p>Wspieramy 34 fina\u0142 Wielkiej Orkiestry \u015awi\u0105tecznej Pomocy<\/p>\n\t\t\t\t\t\t<\/div>\r\n\t\t\t\t\t<\/div>\r\n\t\t\t\t<\/div>\r\n\r\n\t\t\t\t\r\n\t\t\t\t<div class=\"tg_module_block tg-row\">\r\n\t\t\t\t\t\t\t\t\t\t\t<figure class=\"tg-module-thumb tg-col-control\">\r\n\t\t\t\t\t\t\t\t\t<a href=\"https:\/\/muzeumewolucji.pl\/?p=8612\" class=\"tg-thumb-link\">\r\n\t\t\t<img decoding=\"async\" width=\"392\" height=\"272\" src=\"https:\/\/i0.wp.com\/muzeumewolucji.pl\/wp-content\/uploads\/2025\/10\/IMG_9283-scaled.jpg?resize=392%2C272&amp;ssl=1\" class=\"attachment-colormag-highlighted-post size-colormag-highlighted-post wp-post-image\" alt=\"\" srcset=\"https:\/\/i0.wp.com\/muzeumewolucji.pl\/wp-content\/uploads\/2025\/10\/IMG_9283-scaled.jpg?resize=392%2C272&amp;ssl=1 392w, https:\/\/i0.wp.com\/muzeumewolucji.pl\/wp-content\/uploads\/2025\/10\/IMG_9283-scaled.jpg?resize=130%2C90&amp;ssl=1 130w, https:\/\/i0.wp.com\/muzeumewolucji.pl\/wp-content\/uploads\/2025\/10\/IMG_9283-scaled.jpg?resize=600%2C417&amp;ssl=1 600w, https:\/\/i0.wp.com\/muzeumewolucji.pl\/wp-content\/uploads\/2025\/10\/IMG_9283-scaled.jpg?zoom=2&amp;resize=392%2C272&amp;ssl=1 784w, https:\/\/i0.wp.com\/muzeumewolucji.pl\/wp-content\/uploads\/2025\/10\/IMG_9283-scaled.jpg?zoom=3&amp;resize=392%2C272&amp;ssl=1 1176w\" sizes=\"(max-width: 392px) 100vw, 392px\" \/>\t\t<\/a>\r\n\t\t\t\t\t\t\t\t<\/figure>\r\n\t\t\t\t\t\r\n\t\t\t\t\t<div class=\"tg-module-info tg-col-control\">\r\n\t\t\t\t\t\t\t\t<h3 class=\"tg-module-title entry-title\">\r\n\t\t\t<a href=\"https:\/\/muzeumewolucji.pl\/?p=8612\">Byli\u015bmy na 28. urodzinach Dyzia &#8211; fotorelacja<\/a>\r\n\t\t<\/h3>\r\n\t\t\r\n\t\t<div class=\"tg-module-meta\">\r\n\t\t\t\r\n\t\t\t<span class=\"tg-post-date entry-date\">\r\n\t\t\t\t<a href=\"https:\/\/muzeumewolucji.pl\/?p=8612\" rel=\"bookmark\"><time class=\"entry-date published\" datetime=\"2025-10-24T17:02:50+02:00\">24\/10\/2025<\/time><time class=\"updated\" datetime=\"2025-10-24T17:10:31+02:00\">24\/10\/2025<\/time><\/a>\t\t\t<\/span>\r\n\r\n\t\t\t<span class=\"tg-post-auther-name author vcard\">\r\n\t\t\t\t<a class=\"url fn n\" href=\"https:\/\/muzeumewolucji.pl\/?author=3\">Agnieszka K.<\/a>\t\t\t<\/span>\r\n\r\n\t\t\t\t\t<\/div>\r\n\r\n\t\t\r\n\t\t\t\t\t\t<div class=\"tg-excerpt entry-content\">\r\n\t\t\t\t\t\t\t<p>Piknik rodzinny Urodziny Dyzia w Muzeum Geologicznym &#8211; 21.09.2025 r.<\/p>\n\t\t\t\t\t\t<\/div>\r\n\t\t\t\t\t<\/div>\r\n\t\t\t\t<\/div>\r\n\r\n\t\t\t\t\r\n\t\t\t\t<div class=\"tg_module_block tg-row\">\r\n\t\t\t\t\t\t\t\t\t\t\t<figure class=\"tg-module-thumb tg-col-control\">\r\n\t\t\t\t\t\t\t\t\t<a href=\"https:\/\/muzeumewolucji.pl\/?p=8065\" class=\"tg-thumb-link\">\r\n\t\t\t<img loading=\"lazy\" decoding=\"async\" width=\"392\" height=\"272\" src=\"https:\/\/i0.wp.com\/muzeumewolucji.pl\/wp-content\/uploads\/2025\/05\/17.05.plakat-ME-Noc2025.jpg?resize=392%2C272&amp;ssl=1\" class=\"attachment-colormag-highlighted-post size-colormag-highlighted-post wp-post-image\" alt=\"\" srcset=\"https:\/\/i0.wp.com\/muzeumewolucji.pl\/wp-content\/uploads\/2025\/05\/17.05.plakat-ME-Noc2025.jpg?resize=392%2C272&amp;ssl=1 392w, https:\/\/i0.wp.com\/muzeumewolucji.pl\/wp-content\/uploads\/2025\/05\/17.05.plakat-ME-Noc2025.jpg?resize=130%2C90&amp;ssl=1 130w, https:\/\/i0.wp.com\/muzeumewolucji.pl\/wp-content\/uploads\/2025\/05\/17.05.plakat-ME-Noc2025.jpg?resize=600%2C417&amp;ssl=1 600w, https:\/\/i0.wp.com\/muzeumewolucji.pl\/wp-content\/uploads\/2025\/05\/17.05.plakat-ME-Noc2025.jpg?zoom=2&amp;resize=392%2C272&amp;ssl=1 784w, https:\/\/i0.wp.com\/muzeumewolucji.pl\/wp-content\/uploads\/2025\/05\/17.05.plakat-ME-Noc2025.jpg?zoom=3&amp;resize=392%2C272&amp;ssl=1 1176w\" sizes=\"(max-width: 392px) 100vw, 392px\" \/>\t\t<\/a>\r\n\t\t\t\t\t\t\t\t<\/figure>\r\n\t\t\t\t\t\r\n\t\t\t\t\t<div class=\"tg-module-info tg-col-control\">\r\n\t\t\t\t\t\t\t\t<h3 class=\"tg-module-title entry-title\">\r\n\t\t\t<a href=\"https:\/\/muzeumewolucji.pl\/?p=8065\">Relacja z Warszawskiej Nocy Muze\u00f3w<\/a>\r\n\t\t<\/h3>\r\n\t\t\r\n\t\t<div class=\"tg-module-meta\">\r\n\t\t\t\r\n\t\t\t<span class=\"tg-post-date entry-date\">\r\n\t\t\t\t<a href=\"https:\/\/muzeumewolucji.pl\/?p=8065\" rel=\"bookmark\"><time class=\"entry-date published\" datetime=\"2025-05-23T14:30:32+02:00\">23\/05\/2025<\/time><time class=\"updated\" datetime=\"2025-05-23T14:37:21+02:00\">23\/05\/2025<\/time><\/a>\t\t\t<\/span>\r\n\r\n\t\t\t<span class=\"tg-post-auther-name author vcard\">\r\n\t\t\t\t<a class=\"url fn n\" href=\"https:\/\/muzeumewolucji.pl\/?author=3\">Agnieszka K.<\/a>\t\t\t<\/span>\r\n\r\n\t\t\t\t\t<\/div>\r\n\r\n\t\t\r\n\t\t\t\t\t\t<div class=\"tg-excerpt entry-content\">\r\n\t\t\t\t\t\t\t<p>Dzi\u0119kujemy, \u017ce odwiedzili\u015bcie nas tak licznie podczas Nocy Muze\u00f3w! <\/p>\n\t\t\t\t\t\t<\/div>\r\n\t\t\t\t\t<\/div>\r\n\t\t\t\t<\/div>\r\n\r\n\t\t\t\t\r\n\t\t\t\t<div class=\"tg_module_block tg-row\">\r\n\t\t\t\t\t\t\t\t\t\t\t<figure class=\"tg-module-thumb tg-col-control\">\r\n\t\t\t\t\t\t\t\t\t<a href=\"https:\/\/muzeumewolucji.pl\/?p=8049\" class=\"tg-thumb-link\">\r\n\t\t\t<img loading=\"lazy\" decoding=\"async\" width=\"392\" height=\"272\" src=\"https:\/\/i0.wp.com\/muzeumewolucji.pl\/wp-content\/uploads\/2025\/05\/23.04-Dzien-Ziemi-2025-baner-1.jpg?resize=392%2C272&amp;ssl=1\" class=\"attachment-colormag-highlighted-post size-colormag-highlighted-post wp-post-image\" alt=\"\" srcset=\"https:\/\/i0.wp.com\/muzeumewolucji.pl\/wp-content\/uploads\/2025\/05\/23.04-Dzien-Ziemi-2025-baner-1.jpg?resize=392%2C272&amp;ssl=1 392w, https:\/\/i0.wp.com\/muzeumewolucji.pl\/wp-content\/uploads\/2025\/05\/23.04-Dzien-Ziemi-2025-baner-1.jpg?resize=130%2C90&amp;ssl=1 130w, https:\/\/i0.wp.com\/muzeumewolucji.pl\/wp-content\/uploads\/2025\/05\/23.04-Dzien-Ziemi-2025-baner-1.jpg?resize=600%2C417&amp;ssl=1 600w, https:\/\/i0.wp.com\/muzeumewolucji.pl\/wp-content\/uploads\/2025\/05\/23.04-Dzien-Ziemi-2025-baner-1.jpg?zoom=2&amp;resize=392%2C272&amp;ssl=1 784w, https:\/\/i0.wp.com\/muzeumewolucji.pl\/wp-content\/uploads\/2025\/05\/23.04-Dzien-Ziemi-2025-baner-1.jpg?zoom=3&amp;resize=392%2C272&amp;ssl=1 1176w\" sizes=\"(max-width: 392px) 100vw, 392px\" \/>\t\t<\/a>\r\n\t\t\t\t\t\t\t\t<\/figure>\r\n\t\t\t\t\t\r\n\t\t\t\t\t<div class=\"tg-module-info tg-col-control\">\r\n\t\t\t\t\t\t\t\t<h3 class=\"tg-module-title entry-title\">\r\n\t\t\t<a href=\"https:\/\/muzeumewolucji.pl\/?p=8049\">Relacja z Dnia Ziemi w Muzeum Geologicznym<\/a>\r\n\t\t<\/h3>\r\n\t\t\r\n\t\t<div class=\"tg-module-meta\">\r\n\t\t\t\r\n\t\t\t<span class=\"tg-post-date entry-date\">\r\n\t\t\t\t<a href=\"https:\/\/muzeumewolucji.pl\/?p=8049\" rel=\"bookmark\"><time class=\"entry-date published\" datetime=\"2025-05-23T14:13:49+02:00\">23\/05\/2025<\/time><time class=\"updated\" datetime=\"2025-05-23T14:40:34+02:00\">23\/05\/2025<\/time><\/a>\t\t\t<\/span>\r\n\r\n\t\t\t<span class=\"tg-post-auther-name author vcard\">\r\n\t\t\t\t<a class=\"url fn n\" href=\"https:\/\/muzeumewolucji.pl\/?author=3\">Agnieszka K.<\/a>\t\t\t<\/span>\r\n\r\n\t\t\t\t\t<\/div>\r\n\r\n\t\t\r\n\t\t\t\t\t\t<div class=\"tg-excerpt entry-content\">\r\n\t\t\t\t\t\t\t<p>Dzi\u0119kujemy za odwiedziny na naszym stoisku&#8230;<\/p>\n\t\t\t\t\t\t<\/div>\r\n\t\t\t\t\t<\/div>\r\n\t\t\t\t<\/div>\r\n\r\n\t\t\t\t\t\t<\/div>\r\n\r\n\t\t\t\t<\/div>\n\t\t\t\t<\/div>\n\t\t\t\t\t<\/div>\n\t\t<\/div>\n\t\t\t\t\t\t\t<\/div>\n\t\t<\/section>\n\t\t\t\t<section class=\"elementor-section elementor-top-section elementor-element elementor-element-1b61d54 elementor-section-boxed elementor-section-height-default elementor-section-height-default\" data-id=\"1b61d54\" data-element_type=\"section\">\n\t\t\t\t\t\t<div class=\"elementor-container elementor-column-gap-default\">\n\t\t\t\t\t<div class=\"elementor-column elementor-col-100 elementor-top-column elementor-element elementor-element-5978b58\" data-id=\"5978b58\" data-element_type=\"column\">\n\t\t\t<div class=\"elementor-widget-wrap elementor-element-populated\">\n\t\t\t\t\t\t\t\t<div class=\"elementor-element elementor-element-e33c142 elementor-widget elementor-widget-ColorMag-Posts-Grid-4\" data-id=\"e33c142\" data-element_type=\"widget\" data-widget_type=\"ColorMag-Posts-Grid-4.default\">\n\t\t\t\t<div class=\"elementor-widget-container\">\n\t\t\t\r\n\t\t<div class=\"tg-module-grid tg-module-grid--style-4 tg-module-wrapper\">\r\n\t\t\t\r\n\t\t<div class=\"tg-module-title-wrap\">\r\n\t\t\t<h4 class=\"module-title\">\r\n\t\t\t\t<span>Aktualno\u015bci naukowe Instytutu Paleobiologii PAN<\/span>\r\n\t\t\t<\/h4>\r\n\t\t<\/div><!-- tg-module-title-wrap -->\r\n\r\n\t\t\r\n\t\t\t<div class=\"tg-row thinner\">\r\n\t\t\t\t\r\n\t\t\t\t\t<div class=\"tg-col-control\">\r\n\t\t\t\t\t\t<div class=\"tg_module_grid tg_module_grid--medium\">\r\n\t\t\t\t\t\t\t\t\t\t\t\t\t\t\t<figure class=\"tg-module-thumb\">\r\n\t\t\t\t\t\t\t\t\t\t\t<a href=\"https:\/\/muzeumewolucji.pl\/?p=8943\" class=\"tg-thumb-link\">\r\n\t\t\t<img loading=\"lazy\" decoding=\"async\" width=\"392\" height=\"272\" src=\"https:\/\/i0.wp.com\/muzeumewolucji.pl\/wp-content\/uploads\/2026\/01\/Hryniewicz_Bonk_2025-35b00fba.jpg?resize=392%2C272&amp;ssl=1\" class=\"attachment-colormag-highlighted-post size-colormag-highlighted-post wp-post-image\" alt=\"Zbiorcza ilustracja z dziewi\u0119ciu mniejszych pokazuj\u0105ca przekroje muszli \u015blimaka w r\u00f3\u017cnym powi\u0119kszeniu spod mikroskopu\" srcset=\"https:\/\/i0.wp.com\/muzeumewolucji.pl\/wp-content\/uploads\/2026\/01\/Hryniewicz_Bonk_2025-35b00fba.jpg?resize=392%2C272&amp;ssl=1 392w, https:\/\/i0.wp.com\/muzeumewolucji.pl\/wp-content\/uploads\/2026\/01\/Hryniewicz_Bonk_2025-35b00fba.jpg?resize=130%2C90&amp;ssl=1 130w\" sizes=\"(max-width: 392px) 100vw, 392px\" \/>\t\t<\/a>\r\n\t\t\t\t\t\t\t\t\t\t<\/figure>\r\n\t\t\t\t\t\t\t\r\n\t\t\t\t\t\t\t<div class=\"tg-module-info\">\r\n\t\t\t\t\t\t\t\t<div class=\"tg-post-categories\"><a href=\"https:\/\/muzeumewolucji.pl\/?cat=68\" class=\"tg-post-category\" rel=\"category tag\">Aktualno\u015bci naukowe<\/a>&nbsp;<\/div>\t\t<h3 class=\"tg-module-title entry-title\">\r\n\t\t\t<a href=\"https:\/\/muzeumewolucji.pl\/?p=8943\">Pow\u0142oki na muszlach z komin\u00f3w hydrotermalnych<\/a>\r\n\t\t<\/h3>\r\n\t\t\r\n\t\t<div class=\"tg-module-meta\">\r\n\t\t\t\r\n\t\t\t<span class=\"tg-post-date entry-date\">\r\n\t\t\t\t<a href=\"https:\/\/muzeumewolucji.pl\/?p=8943\" rel=\"bookmark\"><time class=\"entry-date published\" datetime=\"2026-01-22T13:14:04+01:00\">22\/01\/2026<\/time><time class=\"updated\" datetime=\"2026-01-22T13:15:44+01:00\">22\/01\/2026<\/time><\/a>\t\t\t<\/span>\r\n\r\n\t\t\t<span class=\"tg-post-auther-name author vcard\">\r\n\t\t\t\t<a class=\"url fn n\" href=\"https:\/\/muzeumewolucji.pl\/?author=3\">Agnieszka K.<\/a>\t\t\t<\/span>\r\n\r\n\t\t\t\t\t<\/div>\r\n\r\n\t\t\t\t\t\t\t\t\t<\/div>\r\n\t\t\t\t\t\t<\/div>\r\n\t\t\t\t\t<\/div>\r\n\r\n\t\t\t\t\t\r\n\t\t\t\t\t<div class=\"tg-col-control\">\r\n\t\t\t\t\t\t<div class=\"tg_module_grid tg_module_grid--medium\">\r\n\t\t\t\t\t\t\t\t\t\t\t\t\t\t\t<figure class=\"tg-module-thumb\">\r\n\t\t\t\t\t\t\t\t\t\t\t<a href=\"https:\/\/muzeumewolucji.pl\/?p=8925\" class=\"tg-thumb-link\">\r\n\t\t\t<img loading=\"lazy\" decoding=\"async\" width=\"392\" height=\"272\" src=\"https:\/\/i0.wp.com\/muzeumewolucji.pl\/wp-content\/uploads\/2026\/01\/KH_Metan_-pl-cb5fd532.jpg?resize=392%2C272&amp;ssl=1\" class=\"attachment-colormag-highlighted-post size-colormag-highlighted-post wp-post-image\" alt=\"Blokdiagram przedstawiaj\u0105cy wycinek dna z zaznaczonymi strukturami - cementami w\u0119glanowymi, kolor szary z bia\u0142ym.\" srcset=\"https:\/\/i0.wp.com\/muzeumewolucji.pl\/wp-content\/uploads\/2026\/01\/KH_Metan_-pl-cb5fd532.jpg?w=724&amp;ssl=1 724w, https:\/\/i0.wp.com\/muzeumewolucji.pl\/wp-content\/uploads\/2026\/01\/KH_Metan_-pl-cb5fd532.jpg?resize=300%2C207&amp;ssl=1 300w, https:\/\/i0.wp.com\/muzeumewolucji.pl\/wp-content\/uploads\/2026\/01\/KH_Metan_-pl-cb5fd532.jpg?resize=392%2C272&amp;ssl=1 392w, https:\/\/i0.wp.com\/muzeumewolucji.pl\/wp-content\/uploads\/2026\/01\/KH_Metan_-pl-cb5fd532.jpg?resize=130%2C90&amp;ssl=1 130w, https:\/\/i0.wp.com\/muzeumewolucji.pl\/wp-content\/uploads\/2026\/01\/KH_Metan_-pl-cb5fd532.jpg?resize=600%2C417&amp;ssl=1 600w\" sizes=\"(max-width: 392px) 100vw, 392px\" \/>\t\t<\/a>\r\n\t\t\t\t\t\t\t\t\t\t<\/figure>\r\n\t\t\t\t\t\t\t\r\n\t\t\t\t\t\t\t<div class=\"tg-module-info\">\r\n\t\t\t\t\t\t\t\t<div class=\"tg-post-categories\"><a href=\"https:\/\/muzeumewolucji.pl\/?cat=68\" class=\"tg-post-category\" rel=\"category tag\">Aktualno\u015bci naukowe<\/a>&nbsp;<\/div>\t\t<h3 class=\"tg-module-title entry-title\">\r\n\t\t\t<a href=\"https:\/\/muzeumewolucji.pl\/?p=8925\">W\u0119glany metanogeniczne<\/a>\r\n\t\t<\/h3>\r\n\t\t\r\n\t\t<div class=\"tg-module-meta\">\r\n\t\t\t\r\n\t\t\t<span class=\"tg-post-date entry-date\">\r\n\t\t\t\t<a href=\"https:\/\/muzeumewolucji.pl\/?p=8925\" rel=\"bookmark\"><time class=\"entry-date published\" datetime=\"2026-01-22T13:05:58+01:00\">22\/01\/2026<\/time><time class=\"updated\" datetime=\"2026-01-22T13:09:30+01:00\">22\/01\/2026<\/time><\/a>\t\t\t<\/span>\r\n\r\n\t\t\t<span class=\"tg-post-auther-name author vcard\">\r\n\t\t\t\t<a class=\"url fn n\" href=\"https:\/\/muzeumewolucji.pl\/?author=3\">Agnieszka K.<\/a>\t\t\t<\/span>\r\n\r\n\t\t\t\t\t<\/div>\r\n\r\n\t\t\t\t\t\t\t\t\t<\/div>\r\n\t\t\t\t\t\t<\/div>\r\n\t\t\t\t\t<\/div>\r\n\r\n\t\t\t\t\t\r\n\t\t\t\t\t<div class=\"tg-col-control\">\r\n\t\t\t\t\t\t<div class=\"tg_module_grid tg_module_grid--medium\">\r\n\t\t\t\t\t\t\t\t\t\t\t\t\t\t\t<figure class=\"tg-module-thumb\">\r\n\t\t\t\t\t\t\t\t\t\t\t<a href=\"https:\/\/muzeumewolucji.pl\/?p=8901\" class=\"tg-thumb-link\">\r\n\t\t\t<img loading=\"lazy\" decoding=\"async\" width=\"392\" height=\"272\" src=\"https:\/\/i0.wp.com\/muzeumewolucji.pl\/wp-content\/uploads\/2026\/01\/Mach_Ammonite_2025-97c577b8.jpg?resize=392%2C272&amp;ssl=1\" class=\"attachment-colormag-highlighted-post size-colormag-highlighted-post wp-post-image\" alt=\"Zbiorcza fotografia pokazuj\u0105ca 7 fragment\u00f3w o\u015br\u00f3dek amonit\u00f3w z widoczn\u0105 lini\u0105 lobow\u0105, kolor bia\u0142y z \u017c\u00f3\u0142tym na czarnym tle.\" srcset=\"https:\/\/i0.wp.com\/muzeumewolucji.pl\/wp-content\/uploads\/2026\/01\/Mach_Ammonite_2025-97c577b8.jpg?resize=392%2C272&amp;ssl=1 392w, https:\/\/i0.wp.com\/muzeumewolucji.pl\/wp-content\/uploads\/2026\/01\/Mach_Ammonite_2025-97c577b8.jpg?resize=130%2C90&amp;ssl=1 130w, https:\/\/i0.wp.com\/muzeumewolucji.pl\/wp-content\/uploads\/2026\/01\/Mach_Ammonite_2025-97c577b8.jpg?resize=600%2C417&amp;ssl=1 600w\" sizes=\"(max-width: 392px) 100vw, 392px\" \/>\t\t<\/a>\r\n\t\t\t\t\t\t\t\t\t\t<\/figure>\r\n\t\t\t\t\t\t\t\r\n\t\t\t\t\t\t\t<div class=\"tg-module-info\">\r\n\t\t\t\t\t\t\t\t<div class=\"tg-post-categories\"><a href=\"https:\/\/muzeumewolucji.pl\/?cat=68\" class=\"tg-post-category\" rel=\"category tag\">Aktualno\u015bci naukowe<\/a>&nbsp;<\/div>\t\t<h3 class=\"tg-module-title entry-title\">\r\n\t\t\t<a href=\"https:\/\/muzeumewolucji.pl\/?p=8901\">Amonity prze\u017cy\u0142y granic\u0119 kreda\u2013paleogen<\/a>\r\n\t\t<\/h3>\r\n\t\t\r\n\t\t<div class=\"tg-module-meta\">\r\n\t\t\t\r\n\t\t\t<span class=\"tg-post-date entry-date\">\r\n\t\t\t\t<a href=\"https:\/\/muzeumewolucji.pl\/?p=8901\" rel=\"bookmark\"><time class=\"entry-date published\" datetime=\"2026-01-22T12:49:35+01:00\">22\/01\/2026<\/time><time class=\"updated\" datetime=\"2026-01-22T12:52:46+01:00\">22\/01\/2026<\/time><\/a>\t\t\t<\/span>\r\n\r\n\t\t\t<span class=\"tg-post-auther-name author vcard\">\r\n\t\t\t\t<a class=\"url fn n\" href=\"https:\/\/muzeumewolucji.pl\/?author=3\">Agnieszka K.<\/a>\t\t\t<\/span>\r\n\r\n\t\t\t\t\t<\/div>\r\n\r\n\t\t\t\t\t\t\t\t\t<\/div>\r\n\t\t\t\t\t\t<\/div>\r\n\t\t\t\t\t<\/div>\r\n\r\n\t\t\t\t\t\t\t\t<\/div>\r\n\t\t<\/div>\r\n\r\n\t\t\t\t<\/div>\n\t\t\t\t<\/div>\n\t\t\t\t\t<\/div>\n\t\t<\/div>\n\t\t\t\t\t\t\t<\/div>\n\t\t<\/section>\n\t\t\t\t<section class=\"elementor-section elementor-top-section elementor-element elementor-element-a0f9e92 elementor-section-boxed elementor-section-height-default elementor-section-height-default\" data-id=\"a0f9e92\" data-element_type=\"section\">\n\t\t\t\t\t\t<div class=\"elementor-container elementor-column-gap-default\">\n\t\t\t\t\t<div class=\"elementor-column elementor-col-100 elementor-top-column elementor-element elementor-element-237f0df\" data-id=\"237f0df\" data-element_type=\"column\">\n\t\t\t<div class=\"elementor-widget-wrap elementor-element-populated\">\n\t\t\t\t\t\t\t\t<div class=\"elementor-element elementor-element-2ab4d68 elementor-widget elementor-widget-ColorMag-Posts-Grid-4\" data-id=\"2ab4d68\" data-element_type=\"widget\" data-widget_type=\"ColorMag-Posts-Grid-4.default\">\n\t\t\t\t<div class=\"elementor-widget-container\">\n\t\t\t\r\n\t\t<div class=\"tg-module-grid tg-module-grid--style-4 tg-module-wrapper\">\r\n\t\t\t\r\n\t\t\t<div class=\"tg-row thinner\">\r\n\t\t\t\t\r\n\t\t\t\t\t<div class=\"tg-col-control\">\r\n\t\t\t\t\t\t<div class=\"tg_module_grid tg_module_grid--medium\">\r\n\t\t\t\t\t\t\t\t\t\t\t\t\t\t\t<figure class=\"tg-module-thumb\">\r\n\t\t\t\t\t\t\t\t\t\t\t<a href=\"https:\/\/muzeumewolucji.pl\/?p=8780\" class=\"tg-thumb-link\">\r\n\t\t\t<img loading=\"lazy\" decoding=\"async\" width=\"392\" height=\"200\" src=\"https:\/\/i0.wp.com\/muzeumewolucji.pl\/wp-content\/uploads\/2026\/01\/Kremer_11-4b254793.jpg?resize=392%2C200&amp;ssl=1\" class=\"attachment-colormag-highlighted-post size-colormag-highlighted-post wp-post-image\" alt=\"Zbiorcza szaro-czarna fotografia z kwadratowymi wycinkami powierzchni 4 pod\u0142u\u017cnych obiekt\u00f3w, z podpisami Smooth, Spiralled, Rhombiodal smooth, Rhomboidal furrowed.\" srcset=\"https:\/\/i0.wp.com\/muzeumewolucji.pl\/wp-content\/uploads\/2026\/01\/Kremer_11-4b254793.jpg?resize=392%2C200&amp;ssl=1 392w, https:\/\/i0.wp.com\/muzeumewolucji.pl\/wp-content\/uploads\/2026\/01\/Kremer_11-4b254793.jpg?resize=390%2C200&amp;ssl=1 390w\" sizes=\"(max-width: 392px) 100vw, 392px\" \/>\t\t<\/a>\r\n\t\t\t\t\t\t\t\t\t\t<\/figure>\r\n\t\t\t\t\t\t\t\r\n\t\t\t\t\t\t\t<div class=\"tg-module-info\">\r\n\t\t\t\t\t\t\t\t<div class=\"tg-post-categories\"><a href=\"https:\/\/muzeumewolucji.pl\/?cat=68\" class=\"tg-post-category\" rel=\"category tag\">Aktualno\u015bci naukowe<\/a>&nbsp;<\/div>\t\t<h3 class=\"tg-module-title entry-title\">\r\n\t\t\t<a href=\"https:\/\/muzeumewolucji.pl\/?p=8780\">Zagadkowe mikroskamienia\u0142o\u015bci z po\u0142udniowej Polski<\/a>\r\n\t\t<\/h3>\r\n\t\t\r\n\t\t<div class=\"tg-module-meta\">\r\n\t\t\t\r\n\t\t\t<span class=\"tg-post-date entry-date\">\r\n\t\t\t\t<a href=\"https:\/\/muzeumewolucji.pl\/?p=8780\" rel=\"bookmark\"><time class=\"entry-date published\" datetime=\"2026-01-11T13:02:23+01:00\">11\/01\/2026<\/time><time class=\"updated\" datetime=\"2026-01-11T13:03:58+01:00\">11\/01\/2026<\/time><\/a>\t\t\t<\/span>\r\n\r\n\t\t\t<span class=\"tg-post-auther-name author vcard\">\r\n\t\t\t\t<a class=\"url fn n\" href=\"https:\/\/muzeumewolucji.pl\/?author=3\">Agnieszka K.<\/a>\t\t\t<\/span>\r\n\r\n\t\t\t\t\t<\/div>\r\n\r\n\t\t\t\t\t\t\t\t\t<\/div>\r\n\t\t\t\t\t\t<\/div>\r\n\t\t\t\t\t<\/div>\r\n\r\n\t\t\t\t\t\r\n\t\t\t\t\t<div class=\"tg-col-control\">\r\n\t\t\t\t\t\t<div class=\"tg_module_grid tg_module_grid--medium\">\r\n\t\t\t\t\t\t\t\t\t\t\t\t\t\t\t<figure class=\"tg-module-thumb\">\r\n\t\t\t\t\t\t\t\t\t\t\t<a href=\"https:\/\/muzeumewolucji.pl\/?p=8771\" class=\"tg-thumb-link\">\r\n\t\t\t<img loading=\"lazy\" decoding=\"async\" width=\"272\" height=\"189\" src=\"https:\/\/i0.wp.com\/muzeumewolucji.pl\/wp-content\/uploads\/2026\/01\/Kremer_Kalcisfery-11325661.jpg?resize=272%2C189&amp;ssl=1\" class=\"attachment-colormag-highlighted-post size-colormag-highlighted-post wp-post-image\" alt=\"Cztery fotografie szaro-be\u017cowe z widocznymi na ka\u017cdej z nich owalnymi, ja\u015bniejszymi strukturami obwiedzionymi czarn\u0105 otoczk\u0105 - przekroje kalcisfer.\" \/>\t\t<\/a>\r\n\t\t\t\t\t\t\t\t\t\t<\/figure>\r\n\t\t\t\t\t\t\t\r\n\t\t\t\t\t\t\t<div class=\"tg-module-info\">\r\n\t\t\t\t\t\t\t\t<div class=\"tg-post-categories\"><a href=\"https:\/\/muzeumewolucji.pl\/?cat=68\" class=\"tg-post-category\" rel=\"category tag\">Aktualno\u015bci naukowe<\/a>&nbsp;<\/div>\t\t<h3 class=\"tg-module-title entry-title\">\r\n\t\t\t<a href=\"https:\/\/muzeumewolucji.pl\/?p=8771\">\u017bycie w dewo\u0144skiej lagunie morskiej<\/a>\r\n\t\t<\/h3>\r\n\t\t\r\n\t\t<div class=\"tg-module-meta\">\r\n\t\t\t\r\n\t\t\t<span class=\"tg-post-date entry-date\">\r\n\t\t\t\t<a href=\"https:\/\/muzeumewolucji.pl\/?p=8771\" rel=\"bookmark\"><time class=\"entry-date published\" datetime=\"2026-01-11T12:57:58+01:00\">11\/01\/2026<\/time><time class=\"updated\" datetime=\"2026-01-11T12:59:20+01:00\">11\/01\/2026<\/time><\/a>\t\t\t<\/span>\r\n\r\n\t\t\t<span class=\"tg-post-auther-name author vcard\">\r\n\t\t\t\t<a class=\"url fn n\" href=\"https:\/\/muzeumewolucji.pl\/?author=3\">Agnieszka K.<\/a>\t\t\t<\/span>\r\n\r\n\t\t\t\t\t<\/div>\r\n\r\n\t\t\t\t\t\t\t\t\t<\/div>\r\n\t\t\t\t\t\t<\/div>\r\n\t\t\t\t\t<\/div>\r\n\r\n\t\t\t\t\t\r\n\t\t\t\t\t<div class=\"tg-col-control\">\r\n\t\t\t\t\t\t<div class=\"tg_module_grid tg_module_grid--medium\">\r\n\t\t\t\t\t\t\t\t\t\t\t\t\t\t\t<figure class=\"tg-module-thumb\">\r\n\t\t\t\t\t\t\t\t\t\t\t<a href=\"https:\/\/muzeumewolucji.pl\/?p=8765\" class=\"tg-thumb-link\">\r\n\t\t\t<img loading=\"lazy\" decoding=\"async\" width=\"392\" height=\"272\" src=\"https:\/\/i0.wp.com\/muzeumewolucji.pl\/wp-content\/uploads\/2026\/01\/Halamski_Plansza_12_2025-3a441377.jpg?resize=392%2C272&amp;ssl=1\" class=\"attachment-colormag-highlighted-post size-colormag-highlighted-post wp-post-image\" alt=\"Zbiorcza fotografia z trzech pokazuj\u0105ca skamienia\u0142e k\u0142\u0105cze turzycy oraz dwa przekroje tego k\u0142\u0105cza widziane pod mikroskopem.\" srcset=\"https:\/\/i0.wp.com\/muzeumewolucji.pl\/wp-content\/uploads\/2026\/01\/Halamski_Plansza_12_2025-3a441377.jpg?resize=392%2C272&amp;ssl=1 392w, https:\/\/i0.wp.com\/muzeumewolucji.pl\/wp-content\/uploads\/2026\/01\/Halamski_Plansza_12_2025-3a441377.jpg?resize=130%2C90&amp;ssl=1 130w\" sizes=\"(max-width: 392px) 100vw, 392px\" \/>\t\t<\/a>\r\n\t\t\t\t\t\t\t\t\t\t<\/figure>\r\n\t\t\t\t\t\t\t\r\n\t\t\t\t\t\t\t<div class=\"tg-module-info\">\r\n\t\t\t\t\t\t\t\t<div class=\"tg-post-categories\"><a href=\"https:\/\/muzeumewolucji.pl\/?cat=68\" class=\"tg-post-category\" rel=\"category tag\">Aktualno\u015bci naukowe<\/a>&nbsp;<\/div>\t\t<h3 class=\"tg-module-title entry-title\">\r\n\t\t\t<a href=\"https:\/\/muzeumewolucji.pl\/?p=8765\">Mioce\u0144ska turzyca z W\u0119gier<\/a>\r\n\t\t<\/h3>\r\n\t\t\r\n\t\t<div class=\"tg-module-meta\">\r\n\t\t\t\r\n\t\t\t<span class=\"tg-post-date entry-date\">\r\n\t\t\t\t<a href=\"https:\/\/muzeumewolucji.pl\/?p=8765\" rel=\"bookmark\"><time class=\"entry-date published\" datetime=\"2026-01-11T12:53:03+01:00\">11\/01\/2026<\/time><time class=\"updated\" datetime=\"2026-01-11T12:54:37+01:00\">11\/01\/2026<\/time><\/a>\t\t\t<\/span>\r\n\r\n\t\t\t<span class=\"tg-post-auther-name author vcard\">\r\n\t\t\t\t<a class=\"url fn n\" href=\"https:\/\/muzeumewolucji.pl\/?author=3\">Agnieszka K.<\/a>\t\t\t<\/span>\r\n\r\n\t\t\t\t\t<\/div>\r\n\r\n\t\t\t\t\t\t\t\t\t<\/div>\r\n\t\t\t\t\t\t<\/div>\r\n\t\t\t\t\t<\/div>\r\n\r\n\t\t\t\t\t\t\t\t<\/div>\r\n\t\t<\/div>\r\n\r\n\t\t\t\t<\/div>\n\t\t\t\t<\/div>\n\t\t\t\t\t<\/div>\n\t\t<\/div>\n\t\t\t\t\t\t\t<\/div>\n\t\t<\/section>\n\t\t\t\t<section class=\"elementor-section elementor-top-section elementor-element elementor-element-653fc28 elementor-section-boxed elementor-section-height-default elementor-section-height-default\" data-id=\"653fc28\" data-element_type=\"section\">\n\t\t\t\t\t\t<div class=\"elementor-container elementor-column-gap-default\">\n\t\t\t\t\t<div class=\"elementor-column elementor-col-100 elementor-top-column elementor-element elementor-element-49a6af4\" data-id=\"49a6af4\" data-element_type=\"column\">\n\t\t\t<div class=\"elementor-widget-wrap elementor-element-populated\">\n\t\t\t\t\t\t\t\t<div class=\"elementor-element elementor-element-1ec885c elementor-widget elementor-widget-ColorMag-Posts-Grid-4\" data-id=\"1ec885c\" data-element_type=\"widget\" data-widget_type=\"ColorMag-Posts-Grid-4.default\">\n\t\t\t\t<div class=\"elementor-widget-container\">\n\t\t\t\r\n\t\t<div class=\"tg-module-grid tg-module-grid--style-4 tg-module-wrapper\">\r\n\t\t\t\r\n\t\t\t<div class=\"tg-row thinner\">\r\n\t\t\t\t\r\n\t\t\t\t\t<div class=\"tg-col-control\">\r\n\t\t\t\t\t\t<div class=\"tg_module_grid tg_module_grid--medium\">\r\n\t\t\t\t\t\t\t\t\t\t\t\t\t\t\t<figure class=\"tg-module-thumb\">\r\n\t\t\t\t\t\t\t\t\t\t\t<a href=\"https:\/\/muzeumewolucji.pl\/?p=8755\" class=\"tg-thumb-link\">\r\n\t\t\t<img loading=\"lazy\" decoding=\"async\" width=\"349\" height=\"272\" src=\"https:\/\/i0.wp.com\/muzeumewolucji.pl\/wp-content\/uploads\/2026\/01\/Otoczak_mapka-d8a52a6c.jpg?resize=349%2C272&amp;ssl=1\" class=\"attachment-colormag-highlighted-post size-colormag-highlighted-post wp-post-image\" alt=\"Liniowa mapa Europy p\u00f3\u0142nocno-zachodniej z pokazanym morzem p\u00f3\u0142nocnym i ze strza\u0142kami pokazuj\u0105cymi kierunki transporty otoczak\u00f3w z po\u0142udniowego-wschodu na p\u00f3\u0142nocny-zach\u00f3d. Poni\u017cej zdj\u0119cie otoczaka w kolorze czarno br\u0105zowym.\" \/>\t\t<\/a>\r\n\t\t\t\t\t\t\t\t\t\t<\/figure>\r\n\t\t\t\t\t\t\t\r\n\t\t\t\t\t\t\t<div class=\"tg-module-info\">\r\n\t\t\t\t\t\t\t\t<div class=\"tg-post-categories\"><a href=\"https:\/\/muzeumewolucji.pl\/?cat=68\" class=\"tg-post-category\" rel=\"category tag\">Aktualno\u015bci naukowe<\/a>&nbsp;<\/div>\t\t<h3 class=\"tg-module-title entry-title\">\r\n\t\t\t<a href=\"https:\/\/muzeumewolucji.pl\/?p=8755\">Podr\u00f3\u017c otoczaka sylurskiego z Turyngii do Anglii<\/a>\r\n\t\t<\/h3>\r\n\t\t\r\n\t\t<div class=\"tg-module-meta\">\r\n\t\t\t\r\n\t\t\t<span class=\"tg-post-date entry-date\">\r\n\t\t\t\t<a href=\"https:\/\/muzeumewolucji.pl\/?p=8755\" rel=\"bookmark\"><time class=\"entry-date published\" datetime=\"2026-01-11T12:48:13+01:00\">11\/01\/2026<\/time><time class=\"updated\" datetime=\"2026-01-11T12:51:25+01:00\">11\/01\/2026<\/time><\/a>\t\t\t<\/span>\r\n\r\n\t\t\t<span class=\"tg-post-auther-name author vcard\">\r\n\t\t\t\t<a class=\"url fn n\" href=\"https:\/\/muzeumewolucji.pl\/?author=3\">Agnieszka K.<\/a>\t\t\t<\/span>\r\n\r\n\t\t\t\t\t<\/div>\r\n\r\n\t\t\t\t\t\t\t\t\t<\/div>\r\n\t\t\t\t\t\t<\/div>\r\n\t\t\t\t\t<\/div>\r\n\r\n\t\t\t\t\t\r\n\t\t\t\t\t<div class=\"tg-col-control\">\r\n\t\t\t\t\t\t<div class=\"tg_module_grid tg_module_grid--medium\">\r\n\t\t\t\t\t\t\t\t\t\t\t\t\t\t\t<figure class=\"tg-module-thumb\">\r\n\t\t\t\t\t\t\t\t\t\t\t<a href=\"https:\/\/muzeumewolucji.pl\/?p=8684\" class=\"tg-thumb-link\">\r\n\t\t\t<img loading=\"lazy\" decoding=\"async\" width=\"392\" height=\"272\" src=\"https:\/\/i0.wp.com\/muzeumewolucji.pl\/wp-content\/uploads\/2025\/11\/De_Winter_et_al_2025_Rudists_PICT-12580f71.jpg?resize=392%2C272&amp;ssl=1\" class=\"attachment-colormag-highlighted-post size-colormag-highlighted-post wp-post-image\" alt=\"\" srcset=\"https:\/\/i0.wp.com\/muzeumewolucji.pl\/wp-content\/uploads\/2025\/11\/De_Winter_et_al_2025_Rudists_PICT-12580f71.jpg?resize=392%2C272&amp;ssl=1 392w, https:\/\/i0.wp.com\/muzeumewolucji.pl\/wp-content\/uploads\/2025\/11\/De_Winter_et_al_2025_Rudists_PICT-12580f71.jpg?resize=130%2C90&amp;ssl=1 130w\" sizes=\"(max-width: 392px) 100vw, 392px\" \/>\t\t<\/a>\r\n\t\t\t\t\t\t\t\t\t\t<\/figure>\r\n\t\t\t\t\t\t\t\r\n\t\t\t\t\t\t\t<div class=\"tg-module-info\">\r\n\t\t\t\t\t\t\t\t<div class=\"tg-post-categories\"><a href=\"https:\/\/muzeumewolucji.pl\/?cat=68\" class=\"tg-post-category\" rel=\"category tag\">Aktualno\u015bci naukowe<\/a>&nbsp;<\/div>\t\t<h3 class=\"tg-module-title entry-title\">\r\n\t\t\t<a href=\"https:\/\/muzeumewolucji.pl\/?p=8684\">Rudysty: \u015bwiadkowie ekstremalnego klimatu<\/a>\r\n\t\t<\/h3>\r\n\t\t\r\n\t\t<div class=\"tg-module-meta\">\r\n\t\t\t\r\n\t\t\t<span class=\"tg-post-date entry-date\">\r\n\t\t\t\t<a href=\"https:\/\/muzeumewolucji.pl\/?p=8684\" rel=\"bookmark\"><time class=\"entry-date published\" datetime=\"2025-11-28T14:24:15+01:00\">28\/11\/2025<\/time><time class=\"updated\" datetime=\"2025-11-28T14:26:00+01:00\">28\/11\/2025<\/time><\/a>\t\t\t<\/span>\r\n\r\n\t\t\t<span class=\"tg-post-auther-name author vcard\">\r\n\t\t\t\t<a class=\"url fn n\" href=\"https:\/\/muzeumewolucji.pl\/?author=3\">Agnieszka K.<\/a>\t\t\t<\/span>\r\n\r\n\t\t\t\t\t<\/div>\r\n\r\n\t\t\t\t\t\t\t\t\t<\/div>\r\n\t\t\t\t\t\t<\/div>\r\n\t\t\t\t\t<\/div>\r\n\r\n\t\t\t\t\t\r\n\t\t\t\t\t<div class=\"tg-col-control\">\r\n\t\t\t\t\t\t<div class=\"tg_module_grid tg_module_grid--medium\">\r\n\t\t\t\t\t\t\t\t\t\t\t\t\t\t\t<figure class=\"tg-module-thumb\">\r\n\t\t\t\t\t\t\t\t\t\t\t<a href=\"https:\/\/muzeumewolucji.pl\/?p=8675\" class=\"tg-thumb-link\">\r\n\t\t\t<img loading=\"lazy\" decoding=\"async\" width=\"392\" height=\"272\" src=\"https:\/\/i0.wp.com\/muzeumewolucji.pl\/wp-content\/uploads\/2025\/11\/ammonicrinus-70818c16.jpg?resize=392%2C272&amp;ssl=1\" class=\"attachment-colormag-highlighted-post size-colormag-highlighted-post wp-post-image\" alt=\"\" srcset=\"https:\/\/i0.wp.com\/muzeumewolucji.pl\/wp-content\/uploads\/2025\/11\/ammonicrinus-70818c16.jpg?resize=392%2C272&amp;ssl=1 392w, https:\/\/i0.wp.com\/muzeumewolucji.pl\/wp-content\/uploads\/2025\/11\/ammonicrinus-70818c16.jpg?resize=130%2C90&amp;ssl=1 130w, https:\/\/i0.wp.com\/muzeumewolucji.pl\/wp-content\/uploads\/2025\/11\/ammonicrinus-70818c16.jpg?resize=600%2C417&amp;ssl=1 600w, https:\/\/i0.wp.com\/muzeumewolucji.pl\/wp-content\/uploads\/2025\/11\/ammonicrinus-70818c16.jpg?zoom=2&amp;resize=392%2C272&amp;ssl=1 784w\" sizes=\"(max-width: 392px) 100vw, 392px\" \/>\t\t<\/a>\r\n\t\t\t\t\t\t\t\t\t\t<\/figure>\r\n\t\t\t\t\t\t\t\r\n\t\t\t\t\t\t\t<div class=\"tg-module-info\">\r\n\t\t\t\t\t\t\t\t<div class=\"tg-post-categories\"><a href=\"https:\/\/muzeumewolucji.pl\/?cat=68\" class=\"tg-post-category\" rel=\"category tag\">Aktualno\u015bci naukowe<\/a>&nbsp;<\/div>\t\t<h3 class=\"tg-module-title entry-title\">\r\n\t\t\t<a href=\"https:\/\/muzeumewolucji.pl\/?p=8675\">Liliowce o nietypowej morfologii<\/a>\r\n\t\t<\/h3>\r\n\t\t\r\n\t\t<div class=\"tg-module-meta\">\r\n\t\t\t\r\n\t\t\t<span class=\"tg-post-date entry-date\">\r\n\t\t\t\t<a href=\"https:\/\/muzeumewolucji.pl\/?p=8675\" rel=\"bookmark\"><time class=\"entry-date published\" datetime=\"2025-11-28T14:19:19+01:00\">28\/11\/2025<\/time><time class=\"updated\" datetime=\"2025-11-28T14:21:05+01:00\">28\/11\/2025<\/time><\/a>\t\t\t<\/span>\r\n\r\n\t\t\t<span class=\"tg-post-auther-name author vcard\">\r\n\t\t\t\t<a class=\"url fn n\" href=\"https:\/\/muzeumewolucji.pl\/?author=3\">Agnieszka K.<\/a>\t\t\t<\/span>\r\n\r\n\t\t\t\t\t<\/div>\r\n\r\n\t\t\t\t\t\t\t\t\t<\/div>\r\n\t\t\t\t\t\t<\/div>\r\n\t\t\t\t\t<\/div>\r\n\r\n\t\t\t\t\t\t\t\t<\/div>\r\n\t\t<\/div>\r\n\r\n\t\t\t\t<\/div>\n\t\t\t\t<\/div>\n\t\t\t\t\t<\/div>\n\t\t<\/div>\n\t\t\t\t\t\t\t<\/div>\n\t\t<\/section>\n\t\t\t\t<section class=\"elementor-section elementor-top-section elementor-element elementor-element-602aa52 elementor-section-boxed elementor-section-height-default elementor-section-height-default\" data-id=\"602aa52\" data-element_type=\"section\">\n\t\t\t\t\t\t<div class=\"elementor-container elementor-column-gap-default\">\n\t\t\t\t\t<div class=\"elementor-column elementor-col-100 elementor-top-column elementor-element elementor-element-f283d89\" data-id=\"f283d89\" data-element_type=\"column\">\n\t\t\t<div class=\"elementor-widget-wrap elementor-element-populated\">\n\t\t\t\t\t\t\t\t<div class=\"elementor-element elementor-element-5472367 elementor-widget elementor-widget-ColorMag-Posts-Block-4\" data-id=\"5472367\" data-element_type=\"widget\" data-widget_type=\"ColorMag-Posts-Block-4.default\">\n\t\t\t\t<div class=\"elementor-widget-container\">\n\t\t\t\r\n\t\t<div class=\"tg-module-block tg-module-block--style-4 tg-module-wrapper\">\r\n\t\t\t\r\n\t\t<div class=\"tg-module-title-wrap\">\r\n\t\t\t<h4 class=\"module-title\">\r\n\t\t\t\t<span>Wystawy czasowe<\/span>\r\n\t\t\t<\/h4>\r\n\t\t<\/div><!-- tg-module-title-wrap -->\r\n\r\n\t\t\r\n\t\t\t\t<div class=\"tg_module_block tg-row\">\r\n\t\t\t\t\t\t\t\t\t\t\t<figure class=\"tg-module-thumb tg-col-control\">\r\n\t\t\t\t\t\t\t\t\t<a href=\"https:\/\/muzeumewolucji.pl\/?p=2481\" class=\"tg-thumb-link\">\r\n\t\t\t<img loading=\"lazy\" decoding=\"async\" width=\"392\" height=\"272\" src=\"https:\/\/i0.wp.com\/muzeumewolucji.pl\/wp-content\/uploads\/2021\/06\/gobihadros-kolor-mm-cut.jpg?resize=392%2C272&amp;ssl=1\" class=\"attachment-colormag-highlighted-post size-colormag-highlighted-post wp-post-image\" alt=\"\" srcset=\"https:\/\/i0.wp.com\/muzeumewolucji.pl\/wp-content\/uploads\/2021\/06\/gobihadros-kolor-mm-cut.jpg?resize=392%2C272&amp;ssl=1 392w, https:\/\/i0.wp.com\/muzeumewolucji.pl\/wp-content\/uploads\/2021\/06\/gobihadros-kolor-mm-cut.jpg?resize=130%2C90&amp;ssl=1 130w, https:\/\/i0.wp.com\/muzeumewolucji.pl\/wp-content\/uploads\/2021\/06\/gobihadros-kolor-mm-cut.jpg?resize=600%2C417&amp;ssl=1 600w\" sizes=\"(max-width: 392px) 100vw, 392px\" \/>\t\t<\/a>\r\n\t\t\t\t\t\t\t\t<\/figure>\r\n\t\t\t\t\t\r\n\t\t\t\t\t<div class=\"tg-module-info tg-col-control\">\r\n\t\t\t\t\t\t\t\t<h3 class=\"tg-module-title entry-title\">\r\n\t\t\t<a href=\"https:\/\/muzeumewolucji.pl\/?p=2481\">Na co chorowa\u0142y wymar\u0142e zwierz\u0119ta?<\/a>\r\n\t\t<\/h3>\r\n\t\t\r\n\t\t<div class=\"tg-module-meta\">\r\n\t\t\t\r\n\t\t\t<span class=\"tg-post-date entry-date\">\r\n\t\t\t\t<a href=\"https:\/\/muzeumewolucji.pl\/?p=2481\" rel=\"bookmark\"><time class=\"entry-date published\" datetime=\"2021-06-17T11:58:21+02:00\">17\/06\/2021<\/time><time class=\"updated\" datetime=\"2021-07-07T14:16:03+02:00\">07\/07\/2021<\/time><\/a>\t\t\t<\/span>\r\n\r\n\t\t\t<span class=\"tg-post-auther-name author vcard\">\r\n\t\t\t\t<a class=\"url fn n\" href=\"https:\/\/muzeumewolucji.pl\/?author=3\">Agnieszka K.<\/a>\t\t\t<\/span>\r\n\r\n\t\t\t\t\t<\/div>\r\n\r\n\t\t\r\n\t\t\t\t\t\t<div class=\"tg-excerpt entry-content\">\r\n\t\t\t\t\t\t\t<p>Nowa mini wystawa czasowa o schorzeniach odkrytych u wymar\u0142ych zwierz\u0105t oraz oznakach starzenia u dinozaur\u00f3w<\/p>\n\t\t\t\t\t\t<\/div>\r\n\t\t\t\t\t<\/div>\r\n\t\t\t\t<\/div>\r\n\r\n\t\t\t\t\r\n\t\t\t\t<div class=\"tg_module_block tg-row\">\r\n\t\t\t\t\t\t\t\t\t\t\t<figure class=\"tg-module-thumb tg-col-control\">\r\n\t\t\t\t\t\t\t\t\t<a href=\"https:\/\/muzeumewolucji.pl\/?p=1618\" class=\"tg-thumb-link\">\r\n\t\t\t<img loading=\"lazy\" decoding=\"async\" width=\"392\" height=\"272\" src=\"https:\/\/i0.wp.com\/muzeumewolucji.pl\/wp-content\/uploads\/2020\/08\/wystawa-zolwie.jpg?resize=392%2C272&amp;ssl=1\" class=\"attachment-colormag-highlighted-post size-colormag-highlighted-post wp-post-image\" alt=\"\" srcset=\"https:\/\/i0.wp.com\/muzeumewolucji.pl\/wp-content\/uploads\/2020\/08\/wystawa-zolwie.jpg?resize=392%2C272&amp;ssl=1 392w, https:\/\/i0.wp.com\/muzeumewolucji.pl\/wp-content\/uploads\/2020\/08\/wystawa-zolwie.jpg?resize=130%2C90&amp;ssl=1 130w, https:\/\/i0.wp.com\/muzeumewolucji.pl\/wp-content\/uploads\/2020\/08\/wystawa-zolwie.jpg?resize=600%2C417&amp;ssl=1 600w, https:\/\/i0.wp.com\/muzeumewolucji.pl\/wp-content\/uploads\/2020\/08\/wystawa-zolwie.jpg?zoom=2&amp;resize=392%2C272&amp;ssl=1 784w, https:\/\/i0.wp.com\/muzeumewolucji.pl\/wp-content\/uploads\/2020\/08\/wystawa-zolwie.jpg?zoom=3&amp;resize=392%2C272&amp;ssl=1 1176w\" sizes=\"(max-width: 392px) 100vw, 392px\" \/>\t\t<\/a>\r\n\t\t\t\t\t\t\t\t<\/figure>\r\n\t\t\t\t\t\r\n\t\t\t\t\t<div class=\"tg-module-info tg-col-control\">\r\n\t\t\t\t\t\t\t\t<h3 class=\"tg-module-title entry-title\">\r\n\t\t\t<a href=\"https:\/\/muzeumewolucji.pl\/?p=1618\">Najstarsze na \u015bwiecie \u017c\u00f3\u0142wie z Polski!<\/a>\r\n\t\t<\/h3>\r\n\t\t\r\n\t\t<div class=\"tg-module-meta\">\r\n\t\t\t\r\n\t\t\t<span class=\"tg-post-date entry-date\">\r\n\t\t\t\t<a href=\"https:\/\/muzeumewolucji.pl\/?p=1618\" rel=\"bookmark\"><time class=\"entry-date published\" datetime=\"2020-08-26T20:03:36+02:00\">26\/08\/2020<\/time><time class=\"updated\" datetime=\"2020-09-16T12:43:14+02:00\">16\/09\/2020<\/time><\/a>\t\t\t<\/span>\r\n\r\n\t\t\t<span class=\"tg-post-auther-name author vcard\">\r\n\t\t\t\t<a class=\"url fn n\" href=\"https:\/\/muzeumewolucji.pl\/?author=3\">Agnieszka K.<\/a>\t\t\t<\/span>\r\n\r\n\t\t\t\t\t<\/div>\r\n\r\n\t\t\r\n\t\t\t\t\t\t<div class=\"tg-excerpt entry-content\">\r\n\t\t\t\t\t\t\t<p>W lutym 2020 r. otworzyli\u015bmy wystaw\u0119 czasow\u0105 prezentuj\u0105c\u0105 najstarsze na \u015bwiecie skamienia\u0142e szcz\u0105tki \u017c\u00f3\u0142wi triasowych odkryte w Por\u0119bie ko\u0142o Zawiercia.<\/p>\n\t\t\t\t\t\t<\/div>\r\n\t\t\t\t\t<\/div>\r\n\t\t\t\t<\/div>\r\n\r\n\t\t\t\t\t\t<\/div>\r\n\r\n\t\t\t\t<\/div>\n\t\t\t\t<\/div>\n\t\t\t\t\t<\/div>\n\t\t<\/div>\n\t\t\t\t\t\t\t<\/div>\n\t\t<\/section>\n\t\t\t\t<section class=\"elementor-section elementor-top-section elementor-element elementor-element-a5be725 elementor-section-boxed elementor-section-height-default elementor-section-height-default\" data-id=\"a5be725\" data-element_type=\"section\">\n\t\t\t\t\t\t<div class=\"elementor-container elementor-column-gap-default\">\n\t\t\t\t\t<div class=\"elementor-column elementor-col-100 elementor-top-column elementor-element elementor-element-fffe8dd\" data-id=\"fffe8dd\" data-element_type=\"column\">\n\t\t\t<div class=\"elementor-widget-wrap elementor-element-populated\">\n\t\t\t\t\t\t\t\t<div class=\"elementor-element elementor-element-32f5885 elementor-widget elementor-widget-ColorMag-Posts-Block-4\" data-id=\"32f5885\" data-element_type=\"widget\" data-widget_type=\"ColorMag-Posts-Block-4.default\">\n\t\t\t\t<div class=\"elementor-widget-container\">\n\t\t\t\r\n\t\t<div class=\"tg-module-block tg-module-block--style-4 tg-module-wrapper\">\r\n\t\t\t\r\n\t\t<div class=\"tg-module-title-wrap\">\r\n\t\t\t<h4 class=\"module-title\">\r\n\t\t\t\t<span>Polecamy<\/span>\r\n\t\t\t<\/h4>\r\n\t\t<\/div><!-- tg-module-title-wrap -->\r\n\r\n\t\t\r\n\t\t\t\t<div class=\"tg_module_block tg-row\">\r\n\t\t\t\t\t\t\t\t\t\t\t<figure class=\"tg-module-thumb tg-col-control\">\r\n\t\t\t\t\t\t\t\t\t<a href=\"https:\/\/muzeumewolucji.pl\/?p=5824\" class=\"tg-thumb-link\">\r\n\t\t\t<img loading=\"lazy\" decoding=\"async\" width=\"392\" height=\"272\" src=\"https:\/\/i0.wp.com\/muzeumewolucji.pl\/wp-content\/uploads\/2023\/06\/z-tata-na-dino.jpg?resize=392%2C272&amp;ssl=1\" class=\"attachment-colormag-highlighted-post size-colormag-highlighted-post wp-post-image\" alt=\"\" srcset=\"https:\/\/i0.wp.com\/muzeumewolucji.pl\/wp-content\/uploads\/2023\/06\/z-tata-na-dino.jpg?resize=392%2C272&amp;ssl=1 392w, https:\/\/i0.wp.com\/muzeumewolucji.pl\/wp-content\/uploads\/2023\/06\/z-tata-na-dino.jpg?resize=130%2C90&amp;ssl=1 130w, https:\/\/i0.wp.com\/muzeumewolucji.pl\/wp-content\/uploads\/2023\/06\/z-tata-na-dino.jpg?resize=600%2C417&amp;ssl=1 600w, https:\/\/i0.wp.com\/muzeumewolucji.pl\/wp-content\/uploads\/2023\/06\/z-tata-na-dino.jpg?zoom=2&amp;resize=392%2C272&amp;ssl=1 784w, https:\/\/i0.wp.com\/muzeumewolucji.pl\/wp-content\/uploads\/2023\/06\/z-tata-na-dino.jpg?zoom=3&amp;resize=392%2C272&amp;ssl=1 1176w\" sizes=\"(max-width: 392px) 100vw, 392px\" \/>\t\t<\/a>\r\n\t\t\t\t\t\t\t\t<\/figure>\r\n\t\t\t\t\t\r\n\t\t\t\t\t<div class=\"tg-module-info tg-col-control\">\r\n\t\t\t\t\t\t\t\t<h3 class=\"tg-module-title entry-title\">\r\n\t\t\t<a href=\"https:\/\/muzeumewolucji.pl\/?p=5824\">Z tat\u0105 na dinozaury<\/a>\r\n\t\t<\/h3>\r\n\t\t\r\n\t\t<div class=\"tg-module-meta\">\r\n\t\t\t\r\n\t\t\t<span class=\"tg-post-date entry-date\">\r\n\t\t\t\t<a href=\"https:\/\/muzeumewolucji.pl\/?p=5824\" rel=\"bookmark\"><time class=\"entry-date published\" datetime=\"2023-06-29T12:53:51+02:00\">29\/06\/2023<\/time><time class=\"updated\" datetime=\"2023-07-11T13:32:33+02:00\">11\/07\/2023<\/time><\/a>\t\t\t<\/span>\r\n\r\n\t\t\t<span class=\"tg-post-auther-name author vcard\">\r\n\t\t\t\t<a class=\"url fn n\" href=\"https:\/\/muzeumewolucji.pl\/?author=3\">Agnieszka K.<\/a>\t\t\t<\/span>\r\n\r\n\t\t\t\t\t<\/div>\r\n\r\n\t\t\r\n\t\t\t\t\t\t<div class=\"tg-excerpt entry-content\">\r\n\t\t\t\t\t\t\t<p>Ksi\u0105\u017cka autorstwa Wojciecha Miko\u0142uszko, kt\u00f3rej narratorem jest ojciec czteroip\u00f3\u0142letniego zafascynowanego dinozaurami ch\u0142opca, Jacka, opowiada o \u015bwiecie skamienia\u0142o\u015bci.<\/p>\n\t\t\t\t\t\t<\/div>\r\n\t\t\t\t\t<\/div>\r\n\t\t\t\t<\/div>\r\n\r\n\t\t\t\t\r\n\t\t\t\t<div class=\"tg_module_block tg-row\">\r\n\t\t\t\t\t\t\t\t\t\t\t<figure class=\"tg-module-thumb tg-col-control\">\r\n\t\t\t\t\t\t\t\t\t<a href=\"https:\/\/muzeumewolucji.pl\/?p=2022\" class=\"tg-thumb-link\">\r\n\t\t\t<img loading=\"lazy\" decoding=\"async\" width=\"392\" height=\"272\" src=\"https:\/\/i0.wp.com\/muzeumewolucji.pl\/wp-content\/uploads\/2021\/01\/Gdy-na-Ziemi-zyly-dinozaury_okl.jpg?resize=392%2C272&amp;ssl=1\" class=\"attachment-colormag-highlighted-post size-colormag-highlighted-post wp-post-image\" alt=\"\" srcset=\"https:\/\/i0.wp.com\/muzeumewolucji.pl\/wp-content\/uploads\/2021\/01\/Gdy-na-Ziemi-zyly-dinozaury_okl.jpg?resize=392%2C272&amp;ssl=1 392w, https:\/\/i0.wp.com\/muzeumewolucji.pl\/wp-content\/uploads\/2021\/01\/Gdy-na-Ziemi-zyly-dinozaury_okl.jpg?resize=130%2C90&amp;ssl=1 130w, https:\/\/i0.wp.com\/muzeumewolucji.pl\/wp-content\/uploads\/2021\/01\/Gdy-na-Ziemi-zyly-dinozaury_okl.jpg?resize=598%2C417&amp;ssl=1 598w\" sizes=\"(max-width: 392px) 100vw, 392px\" \/>\t\t<\/a>\r\n\t\t\t\t\t\t\t\t<\/figure>\r\n\t\t\t\t\t\r\n\t\t\t\t\t<div class=\"tg-module-info tg-col-control\">\r\n\t\t\t\t\t\t\t\t<h3 class=\"tg-module-title entry-title\">\r\n\t\t\t<a href=\"https:\/\/muzeumewolucji.pl\/?p=2022\">Gdy na Ziemi \u017cy\u0142y dinozaury<\/a>\r\n\t\t<\/h3>\r\n\t\t\r\n\t\t<div class=\"tg-module-meta\">\r\n\t\t\t\r\n\t\t\t<span class=\"tg-post-date entry-date\">\r\n\t\t\t\t<a href=\"https:\/\/muzeumewolucji.pl\/?p=2022\" rel=\"bookmark\"><time class=\"entry-date published\" datetime=\"2021-01-14T13:22:21+01:00\">14\/01\/2021<\/time><time class=\"updated\" datetime=\"2021-01-14T13:23:28+01:00\">14\/01\/2021<\/time><\/a>\t\t\t<\/span>\r\n\r\n\t\t\t<span class=\"tg-post-auther-name author vcard\">\r\n\t\t\t\t<a class=\"url fn n\" href=\"https:\/\/muzeumewolucji.pl\/?author=3\">Agnieszka K.<\/a>\t\t\t<\/span>\r\n\r\n\t\t\t\t\t<\/div>\r\n\r\n\t\t\r\n\t\t\t\t\t\t<div class=\"tg-excerpt entry-content\">\r\n\t\t\t\t\t\t\t<p>Polecamy ksi\u0105\u017ck\u0119 dla dzieci &#8222;Gdy na Ziemi \u017cy\u0142y dinozaury&#8221;, autorstwa dr hab. Tomasza Suleja z Instytutu Paleobiologii PAN, kt\u00f3rej wydanie obj\u0119li\u015bmy patronatem. <\/p>\n\t\t\t\t\t\t<\/div>\r\n\t\t\t\t\t<\/div>\r\n\t\t\t\t<\/div>\r\n\r\n\t\t\t\t\t\t<\/div>\r\n\r\n\t\t\t\t<\/div>\n\t\t\t\t<\/div>\n\t\t\t\t\t<\/div>\n\t\t<\/div>\n\t\t\t\t\t\t\t<\/div>\n\t\t<\/section>\n\t\t\t\t\t\t\t<\/div>\n\t\t","protected":false},"excerpt":{"rendered":"<p>Zapraszamy do Muzeum Ewolucji! W dniach 1.5. oraz 3.05. muzeum b\u0119dzie nieczynne, zapraszamy w sobot\u0119 2.05. . Lekcje muzealne i<\/p>\n","protected":false},"author":3,"featured_media":0,"parent":0,"menu_order":0,"comment_status":"closed","ping_status":"closed","template":"","meta":{"footnotes":""},"class_list":["post-844","page","type-page","status-publish","hentry"],"yoast_head":"<!-- This site is optimized with the Yoast SEO plugin v26.8 - https:\/\/yoast.com\/product\/yoast-seo-wordpress\/ -->\n<title>Pierwsza strona - Muzeum Ewolucji Instytutu Paleobiologii PAN<\/title>\n<meta name=\"robots\" content=\"index, follow, max-snippet:-1, max-image-preview:large, max-video-preview:-1\" \/>\n<link rel=\"canonical\" href=\"https:\/\/muzeumewolucji.pl\/\" \/>\n<meta property=\"og:locale\" content=\"pl_PL\" \/>\n<meta property=\"og:type\" content=\"article\" \/>\n<meta property=\"og:title\" content=\"Pierwsza strona - Muzeum Ewolucji Instytutu Paleobiologii PAN\" \/>\n<meta property=\"og:description\" content=\"Zapraszamy do Muzeum Ewolucji! W dniach 1.5. oraz 3.05. muzeum b\u0119dzie nieczynne, zapraszamy w sobot\u0119 2.05. . Lekcje muzealne i\" \/>\n<meta property=\"og:url\" content=\"https:\/\/muzeumewolucji.pl\/\" \/>\n<meta property=\"og:site_name\" content=\"Muzeum Ewolucji Instytutu Paleobiologii PAN\" \/>\n<meta property=\"article:modified_time\" content=\"2026-04-14T10:12:17+00:00\" \/>\n<meta property=\"og:image\" content=\"https:\/\/muzeumewolucji.pl\/wp-content\/uploads\/2023\/06\/ME-sala_morska.jpg\" \/>\n<meta name=\"twitter:card\" content=\"summary_large_image\" \/>\n<meta name=\"twitter:label1\" content=\"Szacowany czas czytania\" \/>\n\t<meta name=\"twitter:data1\" content=\"7 minut\" \/>\n<script type=\"application\/ld+json\" class=\"yoast-schema-graph\">{\"@context\":\"https:\/\/schema.org\",\"@graph\":[{\"@type\":\"WebPage\",\"@id\":\"https:\/\/muzeumewolucji.pl\/\",\"url\":\"https:\/\/muzeumewolucji.pl\/\",\"name\":\"Pierwsza strona - Muzeum Ewolucji Instytutu Paleobiologii PAN\",\"isPartOf\":{\"@id\":\"https:\/\/muzeumewolucji.pl\/#website\"},\"primaryImageOfPage\":{\"@id\":\"https:\/\/muzeumewolucji.pl\/#primaryimage\"},\"image\":{\"@id\":\"https:\/\/muzeumewolucji.pl\/#primaryimage\"},\"thumbnailUrl\":\"https:\/\/muzeumewolucji.pl\/wp-content\/uploads\/2023\/06\/ME-sala_morska.jpg\",\"datePublished\":\"2019-12-17T09:20:30+00:00\",\"dateModified\":\"2026-04-14T10:12:17+00:00\",\"breadcrumb\":{\"@id\":\"https:\/\/muzeumewolucji.pl\/#breadcrumb\"},\"inLanguage\":\"pl-PL\",\"potentialAction\":[{\"@type\":\"ReadAction\",\"target\":[\"https:\/\/muzeumewolucji.pl\/\"]}]},{\"@type\":\"ImageObject\",\"inLanguage\":\"pl-PL\",\"@id\":\"https:\/\/muzeumewolucji.pl\/#primaryimage\",\"url\":\"https:\/\/i0.wp.com\/muzeumewolucji.pl\/wp-content\/uploads\/2023\/06\/ME-sala_morska.jpg?fit=1200%2C800&ssl=1\",\"contentUrl\":\"https:\/\/i0.wp.com\/muzeumewolucji.pl\/wp-content\/uploads\/2023\/06\/ME-sala_morska.jpg?fit=1200%2C800&ssl=1\",\"width\":1200,\"height\":800},{\"@type\":\"BreadcrumbList\",\"@id\":\"https:\/\/muzeumewolucji.pl\/#breadcrumb\",\"itemListElement\":[{\"@type\":\"ListItem\",\"position\":1,\"name\":\"Home\",\"item\":\"https:\/\/muzeumewolucji.pl\/\"},{\"@type\":\"ListItem\",\"position\":2,\"name\":\"Pierwsza strona\"}]},{\"@type\":\"WebSite\",\"@id\":\"https:\/\/muzeumewolucji.pl\/#website\",\"url\":\"https:\/\/muzeumewolucji.pl\/\",\"name\":\"Muzeum Ewolucji Instytutu Paleobiologii PAN\",\"description\":\"Popularyzujemy wiedz\u0119 o ewolucji \u017cycia na Ziemi\",\"publisher\":{\"@id\":\"https:\/\/muzeumewolucji.pl\/#organization\"},\"potentialAction\":[{\"@type\":\"SearchAction\",\"target\":{\"@type\":\"EntryPoint\",\"urlTemplate\":\"https:\/\/muzeumewolucji.pl\/?s={search_term_string}\"},\"query-input\":{\"@type\":\"PropertyValueSpecification\",\"valueRequired\":true,\"valueName\":\"search_term_string\"}}],\"inLanguage\":\"pl-PL\"},{\"@type\":\"Organization\",\"@id\":\"https:\/\/muzeumewolucji.pl\/#organization\",\"name\":\"Muzeum Ewolucji Instytutu Paleobiologii PAN\",\"url\":\"https:\/\/muzeumewolucji.pl\/\",\"logo\":{\"@type\":\"ImageObject\",\"inLanguage\":\"pl-PL\",\"@id\":\"https:\/\/muzeumewolucji.pl\/#\/schema\/logo\/image\/\",\"url\":\"https:\/\/i0.wp.com\/muzeumewolucji.pl\/wp-content\/uploads\/2025\/10\/D-ME-logo-2025.png?fit=450%2C171&ssl=1\",\"contentUrl\":\"https:\/\/i0.wp.com\/muzeumewolucji.pl\/wp-content\/uploads\/2025\/10\/D-ME-logo-2025.png?fit=450%2C171&ssl=1\",\"width\":450,\"height\":171,\"caption\":\"Muzeum Ewolucji Instytutu Paleobiologii PAN\"},\"image\":{\"@id\":\"https:\/\/muzeumewolucji.pl\/#\/schema\/logo\/image\/\"}}]}<\/script>\n<!-- \/ Yoast SEO plugin. -->","yoast_head_json":{"title":"Pierwsza strona - Muzeum Ewolucji Instytutu Paleobiologii PAN","robots":{"index":"index","follow":"follow","max-snippet":"max-snippet:-1","max-image-preview":"max-image-preview:large","max-video-preview":"max-video-preview:-1"},"canonical":"https:\/\/muzeumewolucji.pl\/","og_locale":"pl_PL","og_type":"article","og_title":"Pierwsza strona - Muzeum Ewolucji Instytutu Paleobiologii PAN","og_description":"Zapraszamy do Muzeum Ewolucji! W dniach 1.5. oraz 3.05. muzeum b\u0119dzie nieczynne, zapraszamy w sobot\u0119 2.05. . Lekcje muzealne i","og_url":"https:\/\/muzeumewolucji.pl\/","og_site_name":"Muzeum Ewolucji Instytutu Paleobiologii PAN","article_modified_time":"2026-04-14T10:12:17+00:00","og_image":[{"url":"https:\/\/muzeumewolucji.pl\/wp-content\/uploads\/2023\/06\/ME-sala_morska.jpg","type":"","width":"","height":""}],"twitter_card":"summary_large_image","twitter_misc":{"Szacowany czas czytania":"7 minut"},"schema":{"@context":"https:\/\/schema.org","@graph":[{"@type":"WebPage","@id":"https:\/\/muzeumewolucji.pl\/","url":"https:\/\/muzeumewolucji.pl\/","name":"Pierwsza strona - Muzeum Ewolucji Instytutu Paleobiologii PAN","isPartOf":{"@id":"https:\/\/muzeumewolucji.pl\/#website"},"primaryImageOfPage":{"@id":"https:\/\/muzeumewolucji.pl\/#primaryimage"},"image":{"@id":"https:\/\/muzeumewolucji.pl\/#primaryimage"},"thumbnailUrl":"https:\/\/muzeumewolucji.pl\/wp-content\/uploads\/2023\/06\/ME-sala_morska.jpg","datePublished":"2019-12-17T09:20:30+00:00","dateModified":"2026-04-14T10:12:17+00:00","breadcrumb":{"@id":"https:\/\/muzeumewolucji.pl\/#breadcrumb"},"inLanguage":"pl-PL","potentialAction":[{"@type":"ReadAction","target":["https:\/\/muzeumewolucji.pl\/"]}]},{"@type":"ImageObject","inLanguage":"pl-PL","@id":"https:\/\/muzeumewolucji.pl\/#primaryimage","url":"https:\/\/i0.wp.com\/muzeumewolucji.pl\/wp-content\/uploads\/2023\/06\/ME-sala_morska.jpg?fit=1200%2C800&ssl=1","contentUrl":"https:\/\/i0.wp.com\/muzeumewolucji.pl\/wp-content\/uploads\/2023\/06\/ME-sala_morska.jpg?fit=1200%2C800&ssl=1","width":1200,"height":800},{"@type":"BreadcrumbList","@id":"https:\/\/muzeumewolucji.pl\/#breadcrumb","itemListElement":[{"@type":"ListItem","position":1,"name":"Home","item":"https:\/\/muzeumewolucji.pl\/"},{"@type":"ListItem","position":2,"name":"Pierwsza strona"}]},{"@type":"WebSite","@id":"https:\/\/muzeumewolucji.pl\/#website","url":"https:\/\/muzeumewolucji.pl\/","name":"Muzeum Ewolucji Instytutu Paleobiologii PAN","description":"Popularyzujemy wiedz\u0119 o ewolucji \u017cycia na Ziemi","publisher":{"@id":"https:\/\/muzeumewolucji.pl\/#organization"},"potentialAction":[{"@type":"SearchAction","target":{"@type":"EntryPoint","urlTemplate":"https:\/\/muzeumewolucji.pl\/?s={search_term_string}"},"query-input":{"@type":"PropertyValueSpecification","valueRequired":true,"valueName":"search_term_string"}}],"inLanguage":"pl-PL"},{"@type":"Organization","@id":"https:\/\/muzeumewolucji.pl\/#organization","name":"Muzeum Ewolucji Instytutu Paleobiologii PAN","url":"https:\/\/muzeumewolucji.pl\/","logo":{"@type":"ImageObject","inLanguage":"pl-PL","@id":"https:\/\/muzeumewolucji.pl\/#\/schema\/logo\/image\/","url":"https:\/\/i0.wp.com\/muzeumewolucji.pl\/wp-content\/uploads\/2025\/10\/D-ME-logo-2025.png?fit=450%2C171&ssl=1","contentUrl":"https:\/\/i0.wp.com\/muzeumewolucji.pl\/wp-content\/uploads\/2025\/10\/D-ME-logo-2025.png?fit=450%2C171&ssl=1","width":450,"height":171,"caption":"Muzeum Ewolucji Instytutu Paleobiologii PAN"},"image":{"@id":"https:\/\/muzeumewolucji.pl\/#\/schema\/logo\/image\/"}}]}},"jetpack_sharing_enabled":true,"_links":{"self":[{"href":"https:\/\/muzeumewolucji.pl\/index.php?rest_route=\/wp\/v2\/pages\/844","targetHints":{"allow":["GET"]}}],"collection":[{"href":"https:\/\/muzeumewolucji.pl\/index.php?rest_route=\/wp\/v2\/pages"}],"about":[{"href":"https:\/\/muzeumewolucji.pl\/index.php?rest_route=\/wp\/v2\/types\/page"}],"author":[{"embeddable":true,"href":"https:\/\/muzeumewolucji.pl\/index.php?rest_route=\/wp\/v2\/users\/3"}],"replies":[{"embeddable":true,"href":"https:\/\/muzeumewolucji.pl\/index.php?rest_route=%2Fwp%2Fv2%2Fcomments&post=844"}],"version-history":[{"count":1121,"href":"https:\/\/muzeumewolucji.pl\/index.php?rest_route=\/wp\/v2\/pages\/844\/revisions"}],"predecessor-version":[{"id":9108,"href":"https:\/\/muzeumewolucji.pl\/index.php?rest_route=\/wp\/v2\/pages\/844\/revisions\/9108"}],"wp:attachment":[{"href":"https:\/\/muzeumewolucji.pl\/index.php?rest_route=%2Fwp%2Fv2%2Fmedia&parent=844"}],"curies":[{"name":"wp","href":"https:\/\/api.w.org\/{rel}","templated":true}]}}